{"url":"https://blog.yamakochen.com/entry/2020/05/23/195223","type":"rich","author_name":"yamakochen","blog_title":"\u30d1\u30c6\u30a3\u30b7\u30a8\u898b\u7fd2\u3044 in \u30c9\u30a4\u30c4","image_url":"https://cdn-ak.f.st-hatena.com/images/fotolife/y/yamakochen/20200523/20200523193009.jpg","provider_name":"Hatena Blog","height":"190","blog_url":"https://blog.yamakochen.com/","published":"2020-05-23 19:52:23","provider_url":"https://hatena.blog","width":"100%","html":"<iframe src=\"https://hatenablog-parts.com/embed?url=https%3A%2F%2Fblog.yamakochen.com%2Fentry%2F2020%2F05%2F23%2F195223\" title=\"\u4e16\u754c\u306e\u7aef\u306e\u30ab\u30d5\u30a7\u201dDas Cafe am Rande der Welt\u201d \u305d\u306e\u2460 - \u30d1\u30c6\u30a3\u30b7\u30a8\u898b\u7fd2\u3044 in \u30c9\u30a4\u30c4\" class=\"embed-card embed-blogcard\" scrolling=\"no\" frameborder=\"0\" style=\"display: block; width: 100%; height: 190px; max-width: 500px; margin: 10px 0px;\"></iframe>","author_url":"https://blog.hatena.ne.jp/yamakochen/","title":"\u4e16\u754c\u306e\u7aef\u306e\u30ab\u30d5\u30a7\u201dDas Cafe am Rande der Welt\u201d \u305d\u306e\u2460","description":"\u4eca\u56de\u3054\u7d39\u4ecb\u3059\u308b\u672c\"Das Cafe am Rande der Welt\"\u306e\u4e2d\u306e\u597d\u304d\u306a\u4e00\u7bc0\u3002 \u81ea\u5206\u304c\u671b\u3080\u3088\u3046\u306b\u6b74\u53f2\u3092\u66f8\u304f\u3053\u3068\u304c\u3067\u304d\u308b\u3001\u81ea\u5206\u81ea\u8eab\u304c\u305d\u306e\u8457\u8005\u306a\u306e\u3067\u3042\u308b\u3001\u3068\u3044\u3046\u3053\u3068\u3092\u3001\u5358\u306b\u77e5\u3089\u306a\u3044\u4eba\u3082\u3044\u308b\u3002 Einige Menschen erkennen blo\u00df nicht, dass sie selbst die Autoren sind und die Geschichte so schreiben k\u00f6nnen, wie sie es m\u00f6chten.\u30fcJOHN STRELECKY, \u201cDas Cafe am Rande der Welt\u201c, dtv, 2007, S.120","version":"1.0","categories":["Lieblinge-\u304a\u6c17\u306b\u5165\u308a"]}