{"published":"2018-08-06 00:00:00","provider_name":"Hatena Blog","html":"<iframe src=\"https://hatenablog-parts.com/embed?url=https%3A%2F%2Fesperanto.hatenablog.jp%2Fentry%2F20180806%2Fp1\" title=\" \u30de\u30eb\u30bf6-0021 - Hatena de Esperanto\" class=\"embed-card embed-blogcard\" scrolling=\"no\" frameborder=\"0\" style=\"display: block; width: 100%; height: 190px; max-width: 500px; margin: 10px 0px;\"></iframe>","author_url":"https://blog.hatena.ne.jp/shiro-kurage/","height":"190","description":"--- Nenian! --- \u015di elmurmuretis post momento... --- nenian! --- \u015di ripetis, kaj rigide, kvaza\u016d movita de ia forto sendependa de \u015di mem, \u015di malrapide levi\u011dis de la se\u011do. \u015ci tamen ne foriris. \u015ciaj palpebroj \u015dvelis, sxvelis \u816b\u308c\u3066\u3044\u305f la pupiloj kovri\u011dis per vitreca vualo. \u4e21\u306e\u77b3\u306f\u30ac\u30e9\u30b9\u306e\u30d9\u30fc\u30eb\u3067\u88ab\u308f\u308c\u3066\u3044\u305f\u3002 \u015ci apogis la t\u2026","width":"100%","url":"https://esperanto.hatenablog.jp/entry/20180806/p1","blog_url":"https://esperanto.hatenablog.jp/","provider_url":"https://hatena.blog","author_name":"shiro-kurage","type":"rich","categories":["\u30de\u30eb\u30bf"],"version":"1.0","title":" \u30de\u30eb\u30bf6-0021","blog_title":"Hatena de Esperanto","image_url":null}