{"blog_title":"\u30df\u30fc\u30cf\u30fc\u306f\u304a\u6c17\u697d","html":"<iframe src=\"https://hatenablog-parts.com/embed?url=https%3A%2F%2Fh780419.hatenablog.com%2Fentry%2F20110430%2F1304171998\" title=\"Espero estar mucho tiempo aqu\u00ed - \u30df\u30fc\u30cf\u30fc\u306f\u304a\u6c17\u697d\" class=\"embed-card embed-blogcard\" scrolling=\"no\" frameborder=\"0\" style=\"display: block; width: 100%; height: 190px; max-width: 500px; margin: 10px 0px;\"></iframe>","provider_url":"https://hatena.blog","image_url":"https://cdn-ak.f.st-hatena.com/images/fotolife/h/h780419/20110430/20110430225649.jpg","author_url":"https://blog.hatena.ne.jp/h780419/","version":"1.0","published":"2011-04-30 22:59:58","provider_name":"Hatena Blog","title":"Espero estar mucho tiempo aqu\u00ed","url":"https://h780419.hatenablog.com/entry/20110430/1304171998","blog_url":"https://h780419.hatenablog.com/","type":"rich","description":"2011.4.29 Liga ADELANTE \u7b2c36\u7bc0 \u30d0\u30b8\u30e3\u30c9\u30ea \uff12\u2010\uff11 \u30d0\u30eb\u30bb\u30ed\u30ca\uff22 \u30bb\u30d4\u30fc\u30b8\u30e3\u306f\u660e\u65e5\u30a2\u30a6\u30a7\u30fc\u3067\u30a2\u30eb\u30e1\u30ea\u30a2\u6226\u3002 \u53ec\u96c6\u30e1\u30f3\u30d0\u30fc\u306f\u3053\u3061\u3089\u3002 Varas, Palop, Dabo, Fazio, Escud\u00e9, Drago, C\u00e1ceres, Navarro, Medel, Rakitic, Romaric, Renato, Perotti, Alfaro, Acosta, Capel, Negredo, Kon\u00e9, Rodri. \u6628\u65e5\u306e\u4f1a\u898b\u306f\u30e9\u30ad\u30c6\u30a3\u30c3\u30c1\u3002 http://www.sevillafc.es/_www/actualidad.php?op=not&id=20652 \u2026","author_name":"h780419","height":"190","width":"100%","categories":[]}